{"id":23635,"date":"2025-06-04T21:20:59","date_gmt":"2025-06-04T21:20:59","guid":{"rendered":"https:\/\/www.camioliba.cat\/territori2025\/"},"modified":"2025-12-04T08:35:13","modified_gmt":"2025-12-04T08:35:13","slug":"territori2025","status":"publish","type":"page","link":"https:\/\/www.camioliba.cat\/es\/territori2025\/","title":{"rendered":"Territori 2025"},"content":{"rendered":"<div class=\"wpb-content-wrapper\"><p>[vc_row][vc_column][vc_empty_space][vc_single_image image=\u00bb23568&#8243; img_size=\u00bbfull\u00bb css=\u00bb\u00bb][vc_column_text css=\u00bb\u00bb]Os presentamos una nueva edici\u00f3n de \u00abTerritorio Oliba\u00bb, la agenda de actividades de descubrimiento y conocimiento del paisaje impulsada por Casas de Oliba y Cam\u00ed Oliba. La programaci\u00f3n de 2024 vuelve a expandirse por un territorio marcado por la huella del obispo y abad Oliba. Hasta diciembre os proponemos una treintena de visitas guiadas, talleres, caminatas, conciertos&#8230;<\/p>\n<p>Se trata de una propuesta impulsada por la Asociaci\u00f3n Ruta del Rom\u00e1nico-Camino Oliba y el Obispado de Vic-Cases de Oliba.[\/vc_column_text][vc_empty_space][\/vc_column][\/vc_row][vc_row][vc_column][vc_row_inner][vc_column_inner width=\u00bb1\/4&#8243;][vc_cta h2=\u00bb\u00bb h4=\u00bbVISITA GUIADA\u00bb color=\u00bbpink\u00bb add_button=\u00bbbottom\u00bb btn_title=\u00bb+ INFO\u00bb btn_color=\u00bbpink\u00bb css=\u00bb\u00bb btn_link=\u00bburl:https%3A%2F%2Fwww.casesdoliba.cat%2Fagenda%2Fobres-mestres-del-mev-un-viatge-per-lart-medieval%2F|target:_blank\u00bb]<strong>D\u00eda<\/strong>: 7 de junio<br \/>\n<strong>Hora:<\/strong> 12.00h<br \/>\n<strong>Precio: <\/strong>8,5\u20ac\/persona (gratuito para menores de 10 a\u00f1os)<br \/>\n<strong>Reserva:<\/strong> Se requiere inscripci\u00f3n previa al 938 869 360, a <a href=\"mailto:reserves@museuartmedieval.cat\" target=\"_blank\" rel=\"noopener\">reserves@museuartmedieval.cat<\/a>, o presencialmente.[\/vc_cta][\/vc_column_inner][vc_column_inner width=\u00bb1\/2&#8243;][vc_column_text css=\u00bb\u00bb]<\/p>\n<h3>OBRAS MAESTRAS DEL MEV<\/h3>\n<h4>MEV, Museu d&#8217;Art Medieval<\/h4>\n<p>[\/vc_column_text][vc_empty_space][vc_column_text css=\u00bb\u00bb]A trav\u00e9s de las obras maestras del MEV exploraremos los cambios en la cultura, la fe y la sociedad que marcaron la edad media. Desde los frontales rom\u00e1nicos hasta los retablos g\u00f3ticos, el arte medieval catal\u00e1n brill\u00f3 con identidad propia.[\/vc_column_text][\/vc_column_inner][vc_column_inner width=\u00bb1\/4&#8243;][vc_single_image image=\u00bb23572&#8243; img_size=\u00bb500 \u00d7 332&#8243; css=\u00bb\u00bb][\/vc_column_inner][\/vc_row_inner][vc_empty_space][\/vc_column][\/vc_row][vc_row][vc_column][vc_row_inner][vc_column_inner width=\u00bb1\/4&#8243;][vc_cta h2=\u00bb\u00bb h4=\u00bbCONCERT\u00bb color=\u00bbpink\u00bb add_button=\u00bbbottom\u00bb btn_title=\u00bb+ INFO\u00bb btn_color=\u00bbpink\u00bb css=\u00bb\u00bb btn_link=\u00bburl:https%3A%2F%2Fwww.casesdoliba.cat%2Fagenda%2Fconcert-dorgue-a-la-seu%2F|target:_blank\u00bb]D\u00eda: 13 junio<br \/>\nHora: 20.00 h<br \/>\nPrecio: Gratuito con taquilla inversa<br \/>\nNo se requiere previa inscripci\u00f3n[\/vc_cta][\/vc_column_inner][vc_column_inner width=\u00bb1\/2&#8243;][vc_column_text css=\u00bb\u00bb]<\/p>\n<h3>CONCIERTO DE \u00d3RGANO CON ENRICO VICCARDI<\/h3>\n<h4>Bas\u00edlica de Santa Maria de la Seu de Manresa<\/h4>\n<p>[\/vc_column_text][vc_empty_space][vc_column_text css=\u00bb\u00bb]Concierto de \u00f3rgano a cargo de Enrico Viccardi, que dar\u00e1 inicio al primer Ciclo de \u00d3rgano Mag\u00ed Pont\u00ed, con int\u00e9rpretes de renombre y de una programaci\u00f3n variada en un marco arquitect\u00f3nico \u00fanico.[\/vc_column_text][\/vc_column_inner][vc_column_inner width=\u00bb1\/4&#8243;][vc_single_image image=\u00bb23576&#8243; img_size=\u00bb500 \u00d7 332&#8243; css=\u00bb\u00bb][\/vc_column_inner][\/vc_row_inner][vc_empty_space][\/vc_column][\/vc_row][vc_row][vc_column][vc_row_inner][vc_column_inner width=\u00bb1\/4&#8243;][vc_cta h2=\u00bb\u00bb h4=\u00bbAPLEC\u00bb color=\u00bbpink\u00bb add_button=\u00bbbottom\u00bb btn_title=\u00bb+ INFO\u00bb btn_color=\u00bbpink\u00bb css=\u00bb\u00bb btn_link=\u00bburl:https%3A%2F%2Fwww.casesdoliba.cat%2Fagenda%2Flaplec_del_santuari_de_cabrera%2F|target:_blank\u00bb]D\u00eda: 15 de junio<br \/>\nHora: 11.00h &#8211; 18.30h<br \/>\nPrecio: Gratuito<br \/>\nReservas para la comida al tel\u00e9fono 639 293 505[\/vc_cta][\/vc_column_inner][vc_column_inner width=\u00bb1\/2&#8243;][vc_column_text css=\u00bb\u00bb]<\/p>\n<h3>APLEC DEL SANTUARIO DE CABRERA<\/h3>\n<h4>Santuario de la Virgen de Cabrera<\/h4>\n<p>[\/vc_column_text][vc_empty_space][vc_column_text css=\u00bb\u00bb]El Santuario de Cabrera, acoge el tradicional Aplec que se celebra desde el siglo XV. Un evento lleno de actividades para toda la familia y una oportunidad perfecta para disfrutar del entorno y participar en actividades tradicionales.[\/vc_column_text][\/vc_column_inner][vc_column_inner width=\u00bb1\/4&#8243;][vc_single_image image=\u00bb23580&#8243; img_size=\u00bb500 \u00d7 332&#8243; css=\u00bb\u00bb][\/vc_column_inner][\/vc_row_inner][vc_empty_space][\/vc_column][\/vc_row][vc_row][vc_column][vc_row_inner][vc_column_inner width=\u00bb1\/4&#8243;][vc_cta h2=\u00bb\u00bb h4=\u00bbESPECTACLE\u00bb color=\u00bbpink\u00bb add_button=\u00bbbottom\u00bb btn_title=\u00bb+ INFO | RESERVA\u00bb btn_color=\u00bbpink\u00bb css=\u00bb\u00bb btn_link=\u00bburl:https%3A%2F%2Fwww.casesdoliba.cat%2Fagenda%2Fnits-de-serrallonga%2F|target:_blank\u00bb]D\u00eda: Viernes y s\u00e1bados desde el 27 de junio al 6 de septiembre<br \/>\nHora:a las 20.30h y a las 22h<br \/>\nPrecio: 15\u20ac\/persona<br \/>\nReserva previa requerida[\/vc_cta][\/vc_column_inner][vc_column_inner width=\u00bb1\/2&#8243;][vc_column_text css=\u00bb\u00bb]<\/p>\n<h3>NOCHES DE SERRALLONGA<\/h3>\n<h4>Monasterio de Sant Pere de Casserres<\/h4>\n<p>[\/vc_column_text][vc_empty_space][vc_column_text css=\u00bb\u00bb]Espect\u00e1culo itinerante que sigue la vida del m\u00edtico bandolero Joan Sala i Ferrer, alias Serrallonga. Un recorrido m\u00e1gico por los alrededores del Monasterio de Casserres, en Les Guilleries, que pasa por diferentes espacios y termina dentro de la iglesia.[\/vc_column_text][\/vc_column_inner][vc_column_inner width=\u00bb1\/4&#8243;][vc_single_image image=\u00bb23588&#8243; img_size=\u00bb500 \u00d7 332&#8243; css=\u00bb\u00bb][\/vc_column_inner][\/vc_row_inner][vc_empty_space][\/vc_column][\/vc_row][vc_row][vc_column][vc_row_inner][vc_column_inner width=\u00bb1\/4&#8243;][vc_cta h2=\u00bb\u00bb h4=\u00bbVISITA GUIADA I TAST\u00bb color=\u00bbpink\u00bb add_button=\u00bbbottom\u00bb btn_title=\u00bb+ INFO | RESERVA\u00bb btn_color=\u00bbpink\u00bb css=\u00bb\u00bb btn_link=\u00bburl:https%3A%2F%2Fwww.casesdoliba.cat%2Fagenda%2Fes-per-sucar-hi-pa%2F|target:_blank\u00bb]D\u00eda: a concretar (julio)<br \/>\nHora:a concretar<br \/>\nPrecio: a concretar<br \/>\nReserva previa requerida[\/vc_cta][\/vc_column_inner][vc_column_inner width=\u00bb1\/2&#8243;][vc_column_text css=\u00bb\u00bb]<\/p>\n<h3>\u00abES PARA SUCAR PAN\u00bb<\/h3>\n<h4>Monasterio de Santa Maria de Ripoll<\/h4>\n<p>[\/vc_column_text][vc_empty_space][vc_column_text css=\u00bb\u00bb]Descubra la historia y la cultura popular vinculadas a la alimentaci\u00f3n en una actividad que nos llevar\u00e1 del monasterio de Ripoll hasta el Museo Etnogr\u00e1fico. Una visita guiada que acabar\u00e1 con una degustaci\u00f3n de cocina tradicional de la comarca.[\/vc_column_text][\/vc_column_inner][vc_column_inner width=\u00bb1\/4&#8243;][vc_single_image image=\u00bb23592&#8243; img_size=\u00bb500 \u00d7 332&#8243; css=\u00bb\u00bb][\/vc_column_inner][\/vc_row_inner][vc_empty_space][\/vc_column][\/vc_row][vc_row][vc_column][vc_row_inner][vc_column_inner width=\u00bb1\/4&#8243;][vc_cta h2=\u00bb\u00bb h4=\u00bbVISITA GUIADA\u00bb color=\u00bbpink\u00bb add_button=\u00bbbottom\u00bb btn_title=\u00bb+ INFO\u00bb btn_color=\u00bbpink\u00bb css=\u00bb\u00bb btn_link=\u00bburl:https%3A%2F%2Fwww.casesdoliba.cat%2Fagenda%2Fvesprades-destiu-a-la-seu%2F|target:_blank\u00bb]D\u00eda: 4, 10 y 18 de julio<br \/>\nHora: 19.30h<br \/>\nPrecio: 9\u20ac\/persona<br \/>\nInscripci\u00f3n previa requerida[\/vc_cta][\/vc_column_inner][vc_column_inner width=\u00bb1\/2&#8243;][vc_column_text css=\u00bb\u00bb]<\/p>\n<h3>TARDES DE VERANO EN LA SEDE<\/h3>\n<h4>Bas\u00edlica de Santa Maria de la Seu de Manresa<\/h4>\n<p>[\/vc_column_text][vc_empty_space][vc_column_text css=\u00bb\u00bb]Las \u201cTardeos de verano\u201d son unas visitas especiales que empiezan al atardecer. Los visitantes recorrer\u00e1n la bas\u00edlica, el atrio y subir\u00e1n a la primera cubierta, desde donde gozar\u00e1n de unas vistas privilegiadas de la ciudad justo cuando el sol se pone.[\/vc_column_text][\/vc_column_inner][vc_column_inner width=\u00bb1\/4&#8243;][vc_single_image image=\u00bb23596&#8243; img_size=\u00bb500 \u00d7 332&#8243; css=\u00bb\u00bb][\/vc_column_inner][\/vc_row_inner][vc_empty_space][\/vc_column][\/vc_row][vc_row][vc_column][vc_row_inner][vc_column_inner width=\u00bb1\/4&#8243;][vc_cta h2=\u00bb\u00bb h4=\u00bbVISITA GUIADA\u00bb color=\u00bbpink\u00bb add_button=\u00bbbottom\u00bb btn_title=\u00bb+ INFO\u00bb btn_color=\u00bbpink\u00bb css=\u00bb\u00bb btn_link=\u00bburl:https%3A%2F%2Fwww.casesdoliba.cat%2Fagenda%2Fel-campanar-doliba-i-els-sostres-de-la-catedral%2F|target:_blank\u00bb]D\u00eda: S\u00e1bados del 12 de julio al 20 de septiembre<br \/>\nHora: 11.30h<br \/>\nPrecio: 9\u20ac\/persona<br \/>\nSe requiere reserva previa[\/vc_cta][\/vc_column_inner][vc_column_inner width=\u00bb1\/2&#8243;][vc_column_text css=\u00bb\u00bb]<\/p>\n<h3>EL CAMPANARIO DE OLIBA Y LOS TECHOS DE LA CATEDRAL<\/h3>\n<h4>Catedral de Sant Pere de Vic<\/h4>\n<p>[\/vc_column_text][vc_empty_space][vc_column_text css=\u00bb\u00bb]Visita por el extraordinario entramado de peque\u00f1os tabiques situados entre las tejas y las b\u00f3vedas que sostiene el techo de la catedral de Vic. La visita se completa con la ascensi\u00f3n al campanario rom\u00e1nico de 46 metros de alto.[\/vc_column_text][\/vc_column_inner][vc_column_inner width=\u00bb1\/4&#8243;][vc_single_image image=\u00bb23604&#8243; img_size=\u00bb500 \u00d7 332&#8243; css=\u00bb\u00bb][\/vc_column_inner][\/vc_row_inner][vc_empty_space][\/vc_column][\/vc_row][vc_row][vc_column][vc_row_inner][vc_column_inner width=\u00bb1\/4&#8243;][vc_cta h2=\u00bb\u00bb h4=\u00bbVISITA GUIADA\u00bb color=\u00bbpink\u00bb add_button=\u00bbbottom\u00bb btn_title=\u00bb+ INFO\u00bb btn_color=\u00bbpink\u00bb css=\u00bb\u00bb btn_link=\u00bburl:https%3A%2F%2Fwww.casesdoliba.cat%2Fagenda%2Fun-terratremol-i-tres-saquejos-2%2F|target:_blank\u00bb]D\u00eda: 24 y 31 de julio y 7, 14 y 21 de agosto<br \/>\nHora: 17.00h<br \/>\nPrecio: General 10,80\u20ac por persona\/ Reducida 8,80\u20ac\u00a0 por persona\/ Ni\u00f1os de 5 a 18 a\u00f1os 3,50\u20ac por persona\/ Menores de 5 a\u00f1os gratuito<br \/>\nSe requiere reserva previa[\/vc_cta][\/vc_column_inner][vc_column_inner width=\u00bb1\/2&#8243;][vc_column_text css=\u00bb\u00bb]<\/p>\n<h3>UN TERREMOTO Y TRES SAQUEOS<\/h3>\n<h4>Monasterio de Santa Maria de Ripoll<\/h4>\n<p>[\/vc_column_text][vc_empty_space][vc_column_text css=\u00bb\u00bb]En esta visita, descubriremos los acontecimientos hist\u00f3ricos que han marcado el monasterio, elementos y obras que se perdieron, as\u00ed como los que se conservaron.[\/vc_column_text][\/vc_column_inner][vc_column_inner width=\u00bb1\/4&#8243;][vc_single_image image=\u00bb23608&#8243; img_size=\u00bb500 \u00d7 332&#8243; css=\u00bb\u00bb][\/vc_column_inner][\/vc_row_inner][vc_empty_space][\/vc_column][\/vc_row][vc_row][vc_column][vc_row_inner][vc_column_inner width=\u00bb1\/4&#8243;][vc_cta h2=\u00bb\u00bb h4=\u00bbVISITA GUIADA\u00bb color=\u00bbpink\u00bb add_button=\u00bbbottom\u00bb btn_title=\u00bb+ INFO\u00bb btn_color=\u00bbpink\u00bb css=\u00bb\u00bb btn_link=\u00bburl:https%3A%2F%2Fwww.casesdoliba.cat%2Fagenda%2Fquina-bestiesa-les-besties-del-monestir-de-ripoll-3%2F|target:_blank\u00bb]D\u00eda: <strong>\u00a0<\/strong>S\u00e1bado 16 de agosto<br \/>\nHora: 17.00h<br \/>\nPrecio: General 10,80\u20ac por persona\/Reducida 8,80\u20ac\u00a0 por persona\/Ni\u00f1@s de 5 a 18 a\u00f1os 3,50\u20ac por persona\/Menores de 5 a\u00f1os gratuita<br \/>\nSe requiere reserva previa[\/vc_cta][\/vc_column_inner][vc_column_inner width=\u00bb1\/2&#8243;][vc_column_text css=\u00bb\u00bb]<\/p>\n<h3>\u00a1QU\u00c9 BESTIA! LAS BESTIAS DEL MONASTERIO DE RIPOLL<\/h3>\n<h4>Monasterio de Santa Maria de Ripoll<\/h4>\n<p>[\/vc_column_text][vc_empty_space][vc_column_text css=\u00bb\u00bb]Qu\u00e9 tonter\u00eda, la visita guiada que nos descubrir\u00e1 las representaciones presentes en la portalada y en los capiteles de los seres fant\u00e1sticos, dom\u00e9sticos y salvajes que se encuentran escondidos en el monasterio.[\/vc_column_text][\/vc_column_inner][vc_column_inner width=\u00bb1\/4&#8243;][vc_single_image image=\u00bb23612&#8243; img_size=\u00bb500 \u00d7 332&#8243; css=\u00bb\u00bb][\/vc_column_inner][\/vc_row_inner][vc_empty_space][\/vc_column][\/vc_row][vc_row][vc_column][vc_row_inner][vc_column_inner width=\u00bb1\/4&#8243;][vc_cta h2=\u00bb\u00bb h4=\u00bbVISITA GUIADA\u00bb color=\u00bbpink\u00bb add_button=\u00bbbottom\u00bb btn_title=\u00bb+ INFO\u00bb btn_color=\u00bbpink\u00bb css=\u00bb\u00bb btn_link=\u00bburl:https%3A%2F%2Fwww.casesdoliba.cat%2Fagenda%2Flhort-del-monestir-medicina-i-botanica-a-ledat-mitjana%2F|target:_blank\u00bb]D\u00eda: Domingo, 17 de agosto<br \/>\nHora: 12.00h<br \/>\nPrecio: 10\u20ac\/persona y menores de 7 a\u00f1os gratuito<br \/>\nSe requiere previa reserva[\/vc_cta][\/vc_column_inner][vc_column_inner width=\u00bb1\/2&#8243;][vc_column_text css=\u00bb\u00bb]<\/p>\n<h3>EL HUERTO DEL MONASTERIO: MEDICINA Y BOT\u00c1NICA EN LA EDAD MEDIA<\/h3>\n<h4>Monasterio de Sant Pere de Casserres<\/h4>\n<p>[\/vc_column_text][vc_empty_space][vc_column_text css=\u00bb\u00bb]Descubriremos los secretos de los monjes medievales y c\u00f3mo utilizaban las hierbas medicinales para curar cuerpo y alma, desde sus recetas antiguas hasta los remedios que todav\u00eda utilizamos hoy.[\/vc_column_text][\/vc_column_inner][vc_column_inner width=\u00bb1\/4&#8243;][vc_single_image image=\u00bb23616&#8243; img_size=\u00bb500 \u00d7 332&#8243; css=\u00bb\u00bb][\/vc_column_inner][\/vc_row_inner][vc_empty_space][\/vc_column][\/vc_row][vc_row][vc_column][vc_row_inner][vc_column_inner width=\u00bb1\/4&#8243;][vc_cta h2=\u00bb\u00bb h4=\u00bbVISITA GUIADA\u00bb color=\u00bbpink\u00bb add_button=\u00bbbottom\u00bb btn_title=\u00bb+ INFO\u00bb btn_color=\u00bbpink\u00bb css=\u00bb\u00bb btn_link=\u00bburl:https%3A%2F%2Fwww.casesdoliba.cat%2Fagenda%2Fel-claustre-de-lestany-a-la-llum-de-les-espelmes%2F|target:_blank\u00bb]D\u00eda: S\u00e1bado 27 de septiembre<br \/>\nHora: 21.30h<br \/>\nPrecio: 8\u20ac\/persona<br \/>\nSe requiere reserva previa[\/vc_cta][\/vc_column_inner][vc_column_inner width=\u00bb1\/2&#8243;][vc_column_text css=\u00bb\u00bb]<\/p>\n<h3>EL CLAUSTRO DE L&#8217;ESTANY A LA LUZ DE LAS VELAS<\/h3>\n<h4>Monasterio de Santa Maria de l\u2019Estany<\/h4>\n<p>[\/vc_column_text][vc_empty_space][vc_column_text css=\u00bb\u00bb]No cabe duda de que el programa escult\u00f3rico del claustro del Estany es uno de los m\u00e1s excepcionales de la escultura rom\u00e1nica catalana. De d\u00eda\u2026 Y tambi\u00e9n por la noche.<br \/>\nCon esta visita le invitamos a conocer c\u00f3mo era la vida monacal en torno a un claustro. Y todo a la luz de las velas. \u00a1Una experiencia realmente \u00fanica![\/vc_column_text][\/vc_column_inner][vc_column_inner width=\u00bb1\/4&#8243;][vc_single_image image=\u00bb23620&#8243; img_size=\u00bb500 \u00d7 332&#8243; css=\u00bb\u00bb][\/vc_column_inner][\/vc_row_inner][vc_empty_space][\/vc_column][\/vc_row][vc_row][vc_column][vc_empty_space][vc_single_image image=\u00bb23600&#8243; img_size=\u00bbfull\u00bb css=\u00bb\u00bb][\/vc_column][\/vc_row][vc_row][vc_column][vc_row_inner][vc_column_inner width=\u00bb1\/4&#8243;][vc_cta h2=\u00bb\u00bb h4=\u00bbCAMINADA\u00bb color=\u00bbpink\u00bb add_button=\u00bbbottom\u00bb btn_title=\u00bb+ INFO | RESERVA\u00bb btn_color=\u00bbpink\u00bb css=\u00bb\u00bb btn_link=\u00bburl:https%3A%2F%2Fwww.itinerannia.net%2Fca%2Ffestivals%2Fripolles-discovery-walking%2Fcaminada-oliba-br-diumenge-5-d-octubre-a-les-9-30h%2F|target:_blank\u00bb]D\u00eda: 5 de octubre<br \/>\nHora: 9h30<br \/>\nDuraci\u00f3n: 6 horas<br \/>\nLugar de encuentro: Iglesia de Santa Cec\u00edlia de Moll\u00f3<br \/>\nPrecio: 15\u20ac\/persona[\/vc_cta][\/vc_column_inner][vc_column_inner width=\u00bb1\/2&#8243;][vc_column_text css=\u00bb\u00bb]<\/p>\n<h3>16a CAMINADA OLIBA &#8211; RIPOLL\u00c8S<\/h3>\n<h4>Tramo <strong>Moll\u00f3 &#8211; Espinavell &#8211; Fabert &#8211; Moll\u00f3<\/strong><\/h4>\n<p>[\/vc_column_text][vc_empty_space][vc_column_text css=\u00bb\u00bb]Saldremos siguiendo el Camino Oliba GR151, haremos una ruta circular con inicio y final a Moll\u00f3, pasando por Espinavell y Fabert, siguiendo los pasos del abad Oliba, figura clave del mundo medieval, en su recorrido entre Montserrat y Sant Mart\u00ed de Canig\u00f3. Nos acercaremos al \u00faltimo pueblo del Ripoll\u00e8s antes de atravesar la frontera con Francia, caminando por prados comunales, bosques y antiguos senderos que conservan la esencia del territorio. Obsequio: kit senderista para todos los participantes.<\/p>\n<p>Distancia: 13,4km | Desnivel: 660m | Ruta no apta para ni\u00f1os.[\/vc_column_text][\/vc_column_inner][vc_column_inner width=\u00bb1\/4&#8243;][vc_single_image image=\u00bb23625&#8243; img_size=\u00bb500 \u00d7 332&#8243; css=\u00bb\u00bb][\/vc_column_inner][\/vc_row_inner][vc_empty_space][\/vc_column][\/vc_row][vc_row][vc_column][vc_row_inner][vc_column_inner width=\u00bb1\/4&#8243;][vc_cta h2=\u00bb\u00bb h4=\u00bbCAMINADA\u00bb color=\u00bbpink\u00bb add_button=\u00bbbottom\u00bb btn_title=\u00bb+ INFO | INSCRIPCI\u00d3\u00bb btn_color=\u00bbpink\u00bb css=\u00bb\u00bb btn_link=\u00bburl:https%3A%2F%2Fbagesturisme.cat%2Fes%2Fcaminada_geoparc%2F|target:_blank\u00bb]D\u00eda: 18 octubre<br \/>\nHora de salida: 9.00h<br \/>\nPunt de encuentro: NEXE Espai de Cultura de Sant Fruit\u00f3s de Bages<br \/>\nPrecio: Actividad gratuita[\/vc_cta][\/vc_column_inner][vc_column_inner width=\u00bb1\/2&#8243;][vc_column_text css=\u00bb\u00bb]<\/p>\n<h3>17a CAMINADA OLIBA &#8211; BAGES<\/h3>\n<p><strong>Viladordis \u2013 Sant Fruit\u00f3s<\/strong><\/p>\n<p data-start=\"49\" data-end=\"615\">Es un recorrido circular con inicio y final en el n\u00facleo de Sant Fruit\u00f3s de Bages (Punto de encuentro en el NEXE, espacio de cultura). Es una ruta f\u00e1cil, mayoritariamente por pista de tierra y alg\u00fan tramo de sendero, que transcurre por el paisaje de bosque y por el entorno fluvial de los municipios de Sant Fruit\u00f3s de Bages y Talamanca. La ruta incluye vistas espectaculares del r\u00edo Llobregat, del monasterio de Sant Benet y de vestigios de patrimonio de piedra seca, as\u00ed como relatos sobre el Geoparque de la Catalu\u00f1a Central, la ruta del vino y el Camino Oliba.<\/p>\n<p data-start=\"617\" data-end=\"656\"><strong>Ruta de 11,4 km y 260 m+ de desnivel.<\/strong><\/p>\n<p>Actividad gratuita. Incluye seguro, guiaje y avituallamiento final con productos locales. Llevar agua y calzado c\u00f3modo.<br \/>\nEl aforo es limitado, es imprescindible inscripci\u00f3n previa (m\u00e1ximo 90 plazas).[\/vc_column_text][vc_empty_space][vc_column_text css=\u00bb\u00bb]M\u00e1s informaci\u00f3n pr\u00f3ximamente[\/vc_column_text][\/vc_column_inner][vc_column_inner width=\u00bb1\/4&#8243;][vc_single_image image=\u00bb23667&#8243; img_size=\u00bb500 \u00d7 332&#8243; css=\u00bb\u00bb][\/vc_column_inner][\/vc_row_inner][vc_empty_space][\/vc_column][\/vc_row][vc_row][vc_column][vc_row_inner][vc_column_inner width=\u00bb1\/4&#8243;][vc_cta h2=\u00bb\u00bb h4=\u00bbCAMINADA\u00bb color=\u00bbpink\u00bb add_button=\u00bbbottom\u00bb btn_title=\u00bb+ INFO | RESERVA\u00bb btn_color=\u00bbpink\u00bb css=\u00bb\u00bb btn_link=\u00bburl:https%3A%2F%2Fosonaturisme.loriun.com%2Fv%2Fdescobrint-el-cami-oliba-de-sant-pere-de-casserres-a-tavernoles|target:_blank\u00bb]D\u00eda: 8 de noviembre<br \/>\nHora: 9.30h<br \/>\nLugar de encuentro: Vic<br \/>\nPrecio: 15\u20ac\/persona[\/vc_cta][\/vc_column_inner][vc_column_inner width=\u00bb1\/2&#8243;][vc_column_text css=\u00bb\u00bb]<\/p>\n<h3>18a CAMINADA OLIBA &#8211; OSONA<\/h3>\n<h4>Descubriendo el Camino Oliba: de Sant Pere de Casserres a Tav\u00e8rnoles<\/h4>\n<p data-start=\"0\" data-end=\"462\">Saldremos de Vic a las 9:30 h en autob\u00fas en direcci\u00f3n al Monasterio de Sant Pere de Casserres, una joya del rom\u00e1nico catal\u00e1n situada en un entorno natural privilegiado. Tendremos tiempo para visitar el monasterio, conocer su historia y su valor cultural.<br data-start=\"254\" data-end=\"257\" \/>Una vez finalizada la visita, comenzaremos una caminata por un tramo del Camino Oliba, que nos llevar\u00e1 a pie hasta el pueblo de Tav\u00e8rnoles. Finalizaremos la actividad con el regreso en autob\u00fas hacia Vic.<\/p>\n<p data-start=\"464\" data-end=\"565\"><strong data-start=\"464\" data-end=\"478\">Distancia:<\/strong> 6 km<br data-start=\"483\" data-end=\"486\" \/><strong data-start=\"486\" data-end=\"499\">Desnivel:<\/strong> +170 m<br data-start=\"506\" data-end=\"509\" data-is-only-node=\"\" \/><strong data-start=\"509\" data-end=\"531\">Dificultad SENDIF:<\/strong> F\u00e1cil<br data-start=\"537\" data-end=\"540\" \/><strong data-start=\"540\" data-end=\"559\">Duraci\u00f3n total:<\/strong> 5 h<\/p>\n<p data-start=\"567\" data-end=\"805\">Esta ruta incluye el transporte de ida y vuelta y la entrada a la Feria de la Monta\u00f1a de Vic, gracias al apoyo de Fires Vic. Tambi\u00e9n incluye la entrada al Monasterio de Sant Pere de Casserres, con el apoyo del Consejo Comarcal de Osona.<\/p>\n<p data-start=\"807\" data-end=\"892\" data-is-last-node=\"\" data-is-only-node=\"\">\u00a1Una propuesta para descubrir territorio, patrimonio y naturaleza en una sola salida!<\/p>\n<p>[\/vc_column_text][\/vc_column_inner][vc_column_inner width=\u00bb1\/4&#8243;][vc_single_image image=\u00bb23629&#8243; img_size=\u00bb500 \u00d7 332&#8243; css=\u00bb\u00bb][\/vc_column_inner][\/vc_row_inner][vc_empty_space][\/vc_column][\/vc_row][vc_row][vc_column][vc_row_inner][vc_column_inner width=\u00bb1\/4&#8243;][vc_cta h2=\u00bb\u00bb h4=\u00bbCAMINADA\u00bb color=\u00bbpink\u00bb add_button=\u00bbbottom\u00bb btn_title=\u00bb\u00bb btn_color=\u00bbdefault\u00bb css=\u00bb\u00bb btn_link=\u00bburl:https%3A%2F%2Fwww.consorcidelmoianes.cat%2Fformat-al-moianes%2F%3Ftipus%3D2%26idFormacio%3D4346%26cercador%3D2|target:_blank\u00bb]D\u00eda: 7\/12\/2025<br \/>\nHora: 9.00h<br \/>\nPunto de encuentro: Pla\u00e7a del Monestir de l&#8217;Estany<\/p>\n<p>Actividad gratuita. Inscripci\u00f3n previa requerida[\/vc_cta][\/vc_column_inner][vc_column_inner width=\u00bb1\/2&#8243;][vc_column_text css=\u00bb\u00bb]<\/p>\n<h3>19a CAMINADA OLIBA &#8211; MOIAN\u00c8S<\/h3>\n<h4>Recorrido pendiente de definir<\/h4>\n<p>[\/vc_column_text][vc_empty_space][vc_column_text css=\u00bb\u00bb]<\/p>\n<p style=\"font-weight: 400;\">De l&#8217;Estany a Mas Postius y de vuelta al pueblo a trav\u00e9s del Cam\u00ed Oliba. Incluye avituallamiento y desayuno.<\/p>\n<p>Recorrido total: 10kms<\/p>\n<p>Actividad gratuita<\/p>\n<p>&nbsp;<\/p>\n<p>[\/vc_column_text][\/vc_column_inner][vc_column_inner width=\u00bb1\/4&#8243;][vc_single_image image=\u00bb21966&#8243; img_size=\u00bb500 \u00d7 332&#8243; css=\u00bb\u00bb][\/vc_column_inner][\/vc_row_inner][vc_empty_space][\/vc_column][\/vc_row]<\/p>\n<\/div>","protected":false},"excerpt":{"rendered":"<p>[vc_row][vc_column][vc_empty_space][vc_single_image image=\u00bb23568&#8243; img_size=\u00bbfull\u00bb css=\u00bb\u00bb][vc_column_text css=\u00bb\u00bb]Os presentamos una nueva edici\u00f3n de \u00abTerritorio Oliba\u00bb, la agenda de actividades de descubrimiento y conocimiento del paisaje impulsada por Casas de Oliba y Cam\u00ed Oliba. La programaci\u00f3n de 2024 vuelve a expandirse por un territorio marcado por la huella del obispo y abad Oliba. Hasta diciembre os proponemos una treintena&hellip;<\/p>\n","protected":false},"author":2,"featured_media":0,"parent":0,"menu_order":0,"comment_status":"closed","ping_status":"closed","template":"template-full-width.php","meta":{"_acf_changed":false,"footnotes":""},"class_list":["post-23635","page","type-page","status-publish","hentry"],"acf":[],"_links":{"self":[{"href":"https:\/\/www.camioliba.cat\/es\/wp-json\/wp\/v2\/pages\/23635","targetHints":{"allow":["GET"]}}],"collection":[{"href":"https:\/\/www.camioliba.cat\/es\/wp-json\/wp\/v2\/pages"}],"about":[{"href":"https:\/\/www.camioliba.cat\/es\/wp-json\/wp\/v2\/types\/page"}],"author":[{"embeddable":true,"href":"https:\/\/www.camioliba.cat\/es\/wp-json\/wp\/v2\/users\/2"}],"replies":[{"embeddable":true,"href":"https:\/\/www.camioliba.cat\/es\/wp-json\/wp\/v2\/comments?post=23635"}],"version-history":[{"count":9,"href":"https:\/\/www.camioliba.cat\/es\/wp-json\/wp\/v2\/pages\/23635\/revisions"}],"predecessor-version":[{"id":24009,"href":"https:\/\/www.camioliba.cat\/es\/wp-json\/wp\/v2\/pages\/23635\/revisions\/24009"}],"wp:attachment":[{"href":"https:\/\/www.camioliba.cat\/es\/wp-json\/wp\/v2\/media?parent=23635"}],"curies":[{"name":"wp","href":"https:\/\/api.w.org\/{rel}","templated":true}]}}