{"id":15659,"date":"2020-02-18T17:50:52","date_gmt":"2020-02-18T17:50:52","guid":{"rendered":"http:\/\/www.camioliba.cat\/recursos-romanics-nova\/"},"modified":"2025-10-13T10:26:29","modified_gmt":"2025-10-13T10:26:29","slug":"recursos-romanicos-2","status":"publish","type":"page","link":"https:\/\/www.camioliba.cat\/es\/recursos-romanicos-2\/","title":{"rendered":"Rom\u00e1nico"},"content":{"rendered":"<div class=\"wpb-content-wrapper\"><p>[vc_row][vc_column width=\u00bb1\/4&#8243;][vc_empty_space][vc_wp_custommenu nav_menu=\u00bb77&#8243;][\/vc_column][vc_column width=\u00bb3\/4&#8243;][vc_empty_space][vc_column_text]<\/p>\n<h5>Los principales recursos de arte rom\u00e1nico que se encuentran a lo largo del sendero delCam\u00ed Oliba son:<\/h5>\n<p>[\/vc_column_text][vc_empty_space][vc_row_inner][vc_column_inner width=\u00bb2\/3&#8243;][vc_column_text]<\/p>\n<h3><strong>BAS\u00cdLICA COLEGIATA DE SANTA MARIA DE LA SEU<\/strong><\/h3>\n<p>[\/vc_column_text][vc_empty_space][vc_column_text]<\/p>\n<ul>\n<li><strong>Direcci\u00f3n:<\/strong> Baixada de la Seu, 1, 08242 Manresa<\/li>\n<li><strong>Contacto:<\/strong> 938 72 15 12| <a href=\"http:\/\/www.seudemanresa.cat\">www.seudemanresa.cat<\/a><\/li>\n<\/ul>\n<p>[\/vc_column_text][\/vc_column_inner][vc_column_inner width=\u00bb1\/3&#8243;][vc_single_image image=\u00bb11132&#8243; img_size=\u00bb500 \u00d7 332&#8243;][\/vc_column_inner][\/vc_row_inner][vc_tta_tabs][vc_tta_section title=\u00bbDescripci\u00f3n\u00bb tab_id=\u00bb1572867300050-ecf084b9-c62e4a67-89154a86-e472&#8243;][vc_row_inner][vc_column_inner][vc_column_text]La Seu es uno de los ejemplos m\u00e1s representativos del g\u00f3tico catal\u00e1n y s\u00edmbolo de la capital del Bages, obra de Berenguer de Montagut. Resulta\u00a0de gran inter\u00e9s por las obras de arte que conserva en el interior, especialmente por el conjunto de retablos g\u00f3ticos.<br \/>\n<a href=\"http:\/\/www.seudemanresa.cat\/\" target=\"_blank\" rel=\"external noopener noreferrer\">www.seudemanresa.cat<\/a>[\/vc_column_text][\/vc_column_inner][\/vc_row_inner][\/vc_tta_section][vc_tta_section title=\u00bbInformaci\u00f3n pr\u00e1ctica\u00bb tab_id=\u00bb1572867300194-5c57fed2-49d54a67-89154a86-e472&#8243;][vc_row_inner][vc_column_inner][vc_column_text]<\/p>\n<div id=\"col1\">\n<h4 class=\"color2\">Visita al monumento<\/h4>\n<div id=\"col1\">\n<p><span class=\"color3\"><strong>S\u00e1bados, domingos y festivos: <\/strong><\/span>Ma\u00f1anas de 10:45 a 14:00. Tardes de 17:00 a 19:00<\/p>\n<p><span class=\"color3\"><strong>D\u00edas laborables: <\/strong><\/span>Ma\u00f1anas de 10:45 a 13:30. Tardes de 16:00 a 19:00<\/p>\n<p><span class=\"color3\"><strong>Museu Hist\u00f2ric de la Seu:<\/strong><\/span><br \/>\nDomingos de 12:30 a 14:00<\/p>\n<p><span class=\"color3\"><strong>Parroquia de Santa Mar\u00eda de la Seu<\/strong><\/span><\/p>\n<p><span class=\"color3\"><strong>Horarios de culto:<\/strong><\/span><br \/>\n<strong>De lunes a viernes:<\/strong>10:00 Misa Conventual | 19:00 Misa<\/p>\n<p><strong>S\u00e1bados: <\/strong>10:00 Misa Conventual | 19:00 Misa anticipada<\/p>\n<p><strong>Domingos: <\/strong>11:00 Misa Conventual | 19:00 Misa (de septiembre a junio) | 20:00 Misa (s\u00f3lo julio y agosto)<\/p>\n<\/div>\n<\/div>\n<p>[\/vc_column_text][vc_empty_space height=\u00bb16px\u00bb][\/vc_column_inner][\/vc_row_inner][\/vc_tta_section][\/vc_tta_tabs][vc_empty_space][\/vc_column][\/vc_row][vc_row][vc_column width=\u00bb1\/4&#8243;][vc_empty_space][vc_wp_custommenu nav_menu=\u00bb77&#8243;][\/vc_column][vc_column width=\u00bb3\/4&#8243;][vc_row_inner][vc_column_inner width=\u00bb2\/3&#8243;][vc_column_text]<\/p>\n<h3><strong>MONASTERIO DE SANT BENET DE BAGES<\/strong><\/h3>\n<p>[\/vc_column_text][vc_empty_space][vc_column_text]<\/p>\n<ul>\n<li><strong>Direcci\u00f3n:<\/strong> Cam\u00ed de Sant Benet, s\/n 08272 Sant Fruit\u00f3s de Bages<\/li>\n<li><strong>Contacto:<\/strong> Tel. 93 872 94 01 <a href=\"mailto:info@monstbenet.com\">info@monstbenet.com<\/a><\/li>\n<\/ul>\n<p>[\/vc_column_text][\/vc_column_inner][vc_column_inner width=\u00bb1\/3&#8243;][vc_single_image image=\u00bb20088&#8243; img_size=\u00bb500 \u00d7 332&#8243;][\/vc_column_inner][\/vc_row_inner][vc_tta_tabs][vc_tta_section title=\u00bbDescripci\u00f3n\u00bb tab_id=\u00bb1614782387749-c8dfe177-9401&#8243;][vc_row_inner][vc_column_inner][vc_column_text]M\u00f3n Sant Benet es un destino \u00fanico que ofrece muchas propuestas para disfrutar de un d\u00eda diferente o una estancia fant\u00e1stica. Empezando por el magn\u00edfico monasterio medieval de Sant Benet de Bages, considerado una de las joyas del rom\u00e1nico de Catalu\u00f1a, que permite hacer un viaje \u00fanico por la historia, acompa\u00f1ados de fascinantes montajes audiovisuales que sorprenden en cada rinc\u00f3n.<br \/>\n<a href=\"http:\/\/www.monstbenet.com\">www.montstbenet.com<\/a>[\/vc_column_text][\/vc_column_inner][\/vc_row_inner][\/vc_tta_section][vc_tta_section title=\u00bbInformaci\u00f3n pr\u00e1ctica\u00bb tab_id=\u00bb1614782387913-21c61a29-4cab\u00bb][vc_row_inner][vc_column_inner][vc_column_text]<\/p>\n<div id=\"col1\">\n<h4 class=\"color2\">Visita al monumento<\/h4>\n<div id=\"col1\">\n<p><span class=\"color3\"><strong>S\u00e1bados, domingos y festivos: <\/strong><\/span>Ma\u00f1anas de 10:45 a 14:00. Tardes de 17:00 a 19:00<\/p>\n<p><span class=\"color3\"><strong>D\u00edas laborables: <\/strong><\/span>Ma\u00f1anas de 10:45 a 13:30. Tardes de 16:00 a 19:00<\/p>\n<p><span class=\"color3\"><strong>Museu Hist\u00f2ric de la Seu:<\/strong><\/span><br \/>\nDomingos de 12:30 a 14:00<\/p>\n<p><span class=\"color3\"><strong>Parroquia de Santa Mar\u00eda de la Seu<\/strong><\/span><\/p>\n<p><span class=\"color3\"><strong>Horarios de culto:<\/strong><\/span><br \/>\n<strong>De lunes a viernes:<\/strong>10:00 Misa Conventual | 19:00 Misa<\/p>\n<p><strong>S\u00e1bados: <\/strong>10:00 Misa Conventual | 19:00 Misa anticipada<\/p>\n<p><strong>Domingos: <\/strong>11:00 Misa Conventual | 19:00 Misa (de septiembre a junio) | 20:00 Misa (s\u00f3lo julio y agosto)<\/p>\n<\/div>\n<\/div>\n<p>[\/vc_column_text][vc_empty_space height=\u00bb16px\u00bb][\/vc_column_inner][\/vc_row_inner][\/vc_tta_section][\/vc_tta_tabs][vc_empty_space][\/vc_column][\/vc_row][vc_row][vc_column width=\u00bb1\/4&#8243;][\/vc_column][vc_column width=\u00bb3\/4&#8243;][vc_row_inner][vc_column_inner width=\u00bb2\/3&#8243;][vc_column_text]<\/p>\n<h3><strong>MONASTERIO DE SANTA MARIA DE L&#8217;ESTANY<\/strong><\/h3>\n<p>[\/vc_column_text][vc_empty_space][vc_column_text]<\/p>\n<ul>\n<li><strong>Direcci\u00f3n:<\/strong> Pl. del Monestir, 2, 08148 L&#8217;Estany, Barcelona<\/li>\n<li><strong>Contacto:<\/strong> 938 30 30 40 | <a href=\"http:\/\/www.monestirestany.cat\">www.monestirestany.cat<\/a><\/li>\n<\/ul>\n<p>[\/vc_column_text][\/vc_column_inner][vc_column_inner width=\u00bb1\/3&#8243;][vc_single_image image=\u00bb15161&#8243; img_size=\u00bb500 \u00d7 332&#8243;][\/vc_column_inner][\/vc_row_inner][vc_tta_tabs][vc_tta_section title=\u00bbDescripci\u00f3n\u00bb tab_id=\u00bb1572951629893-38b807e6-a08f4a67-89154a86-e472&#8243;][vc_row_inner][vc_column_inner][vc_column_text]El monestir se sit\u00faa donde desde hace m\u00e1s de 900 a\u00f1os, una comunidad \u00a0de can\u00f3nigos se instal\u00f3 para seguir las reglas de Sant Agust\u00ed. Desde hace m\u00e1s de tres siglos, el monasterio es la parroquia de Santa Maria de l\u2019Estany. Del monasterio medieval queda la iglesia, las salas del museo y, sobretodo, el extraordinario claustro rom\u00e1nico, una joya de la escultura religiosa de nivel internacional.[\/vc_column_text][\/vc_column_inner][\/vc_row_inner][\/vc_tta_section][vc_tta_section title=\u00bbInformaci\u00f3n pr\u00e1ctica\u00bb tab_id=\u00bb1572951630020-9ad99fa4-4b674a67-89154a86-e472&#8243;][vc_row_inner][vc_column_inner][vc_column_text]<u>Precio entrada:<\/u><\/p>\n<p>Entrada general: 3,50\u20ac<\/p>\n<p>Entrada reducida (jubilados, personas en el paro, personas con minusval\u00eda, docentes, estudiantes y peregrinos): 3,00\u20ac<\/p>\n<p>Entrada reducida por grupo (+ de 15 personas): 2,50\u20ac<\/p>\n<p>Menores de 12 a\u00f1os: gratuito<\/p>\n<p><u>Horarios<\/u>:<\/p>\n<p>De martes a domingo y festivos de 10.00 a 14.00 h.[\/vc_column_text][vc_empty_space height=\u00bb16px\u00bb][\/vc_column_inner][\/vc_row_inner][\/vc_tta_section][\/vc_tta_tabs][vc_empty_space][\/vc_column][\/vc_row][vc_row][vc_column width=\u00bb1\/4&#8243;][\/vc_column][vc_column width=\u00bb3\/4&#8243;][vc_row_inner][vc_column_inner width=\u00bb2\/3&#8243;][vc_column_text]<\/p>\n<h3><strong>MEV.MUSEO DE ARTE MEDIEVAL | ESPACIO OLIBA<\/strong><\/h3>\n<p>[\/vc_column_text][vc_empty_space][vc_column_text]<\/p>\n<ul>\n<li><strong>Direcci\u00f3n:<\/strong> Pla\u00e7a del Bisbe Oliba, 3, 08500 Vic, Barcelona<\/li>\n<li><strong>Contacto:<\/strong> 938 869 360 | <a href=\"mailto:informacio@museuartmedieval.cat\">informacio@museuartmedieval.cat<\/a>\u00a0 | <a href=\"http:\/\/www.museuartmedieval.cat\">www.museuartmedieval.cat<\/a><\/li>\n<\/ul>\n<p>[\/vc_column_text][\/vc_column_inner][vc_column_inner width=\u00bb1\/3&#8243;][vc_single_image image=\u00bb23682&#8243; img_size=\u00bb500 \u00d7 332&#8243;][\/vc_column_inner][\/vc_row_inner][vc_tta_tabs][vc_tta_section title=\u00bbDescripci\u00f3n\u00bb tab_id=\u00bb1582286778811-e4a6f6ee-de90&#8243;][vc_row_inner][vc_column_inner][vc_column_text]El MEV.Museo de Arte Medieval conserva una magn\u00edfica colecci\u00f3n de obras maestras de pintura y escultura del rom\u00e1nico y del g\u00f3tico catal\u00e1n.[\/vc_column_text][\/vc_column_inner][\/vc_row_inner][\/vc_tta_section][vc_tta_section title=\u00bbInformaci\u00f3n pr\u00e1ctica\u00bb tab_id=\u00bb1582286779049-1243bf9c-7252&#8243;][vc_row_inner][vc_column_inner][vc_column_text]<u>Precio entrada:<\/u><\/p>\n<p>Entrada individual \u2013 8 \u20ac<\/p>\n<p>Abono anual \u2013 12 \u20ac (Acceso libre en el Museo durante un a\u00f1o a partir de la fecha de compra)<\/p>\n<p>Entrada reducida por grupos \u2013 5 \u20ac (A partir de 15 personas)<\/p>\n<p>Entrada reducida \u2013 5 \u20ac (Jubilados, parados, j\u00f3venes de entre 10 y 18 a\u00f1os, personas con discapacidad y acompa\u00f1ante, carn\u00e9 de estudiante, carn\u00e9 joven, carn\u00e9 de familia numerosa o monoparental, carn\u00e9 del club TR3SC)<\/p>\n<p>Entrada gratuita (Menores de 10 a\u00f1os, miembros del ICOM y de la Associaci\u00f3 de Muse\u00f2legs de Catalunya, primer jueves de cada mes (excepto festivos), 18 de mayo (D\u00eda Internacional de los Museos), 5 de julio (fiestas del pueblo), estudiantes (trabajo de investigaci\u00f3n con acreditaci\u00f3n), passi permanente del Mev, profesores amb el Carn\u00e9 docente de la Generalitat de Catalunya, Amics del Museu Nacional d&#8217;Art de Catalunya y periodistas acreditados.)<\/p>\n<p>&nbsp;<\/p>\n<p>EXPOSICI\u00d3N TEMPORAL<\/p>\n<p>Entrada general \u2013 3 \u20ac<\/p>\n<p>Combinada museo general\u00a0 + entrada exposici\u00f3n temporal\u00a0 \u2013 8 \u20ac<\/p>\n<p>Combinada museo reducida + entrada exposici\u00f3n temporal\u2013 5 \u20ac<\/p>\n<p><u>\u00a0<\/u><\/p>\n<p><u>Horarios<\/u>:<\/p>\n<p>De martes a viernes de 10 a 19 h (de abril a septiembre)<\/p>\n<p>De martes a viernes de 10 a 13 h y de 15 a 18 h (de octubre a marzo)<\/p>\n<p>S\u00e1bados de 10 a 19 h<\/p>\n<p>Domingos y festivos de 10 a 14 h<\/p>\n<p>El Museo estar\u00e1 cerrado los lunes; los d\u00edas 1 y 6 de enero; el lunes de Pascua y los d\u00edas 25 y 26 de diciembre.<\/p>\n<p>Venta de entradas hasta media hora antes de cerrar.[\/vc_column_text][vc_empty_space height=\u00bb16px\u00bb][\/vc_column_inner][\/vc_row_inner][\/vc_tta_section][\/vc_tta_tabs][vc_empty_space][\/vc_column][\/vc_row][vc_row][vc_column width=\u00bb1\/4&#8243;][\/vc_column][vc_column width=\u00bb3\/4&#8243;][vc_row_inner][vc_column_inner width=\u00bb2\/3&#8243;][vc_column_text]<\/p>\n<h3><strong>MONASTERIO DE SANT PERE DE CASSERRES<\/strong><\/h3>\n<p>[\/vc_column_text][vc_empty_space][vc_column_text]<\/p>\n<ul>\n<li><strong>Direcci\u00f3n:<\/strong> Carretera, BV-5213, 08510 Masies de Roda, Barcelona<\/li>\n<li><strong>Contacto:<\/strong> 937 447 118 | 608 892 200 | <a href=\"mailto:monestirdecasserres@ccosona.cat\">monestirdecasserres@ccosona.cat<\/a> | <a href=\"http:\/\/www.santperedecasserres.cat\">www.santperedecasserres.cat<\/a><\/li>\n<\/ul>\n<p>[\/vc_column_text][\/vc_column_inner][vc_column_inner width=\u00bb1\/3&#8243;][vc_single_image image=\u00bb14053&#8243; img_size=\u00bb500 \u00d7 332&#8243;][\/vc_column_inner][\/vc_row_inner][vc_tta_tabs][vc_tta_section title=\u00bbDescripci\u00f3n\u00bb tab_id=\u00bb1572951628084-49e4e48b-3bc04a67-89154a86-e472&#8243;][vc_row_inner][vc_column_inner][vc_column_text]Sant Pere de Casserres es uno de los monumentos m\u00e1s importantes de la arquitectura rom\u00e1nica catalana, y concretamente, el \u00fanico de la orden benedictina en Osona.[\/vc_column_text][\/vc_column_inner][\/vc_row_inner][\/vc_tta_section][vc_tta_section title=\u00bbInformaci\u00f3n pr\u00e1ctica\u00bb tab_id=\u00bb1572951628185-f9c1d810-a0194a67-89154a86-e472&#8243;][vc_row_inner][vc_column_inner][vc_column_text css=\u00bb\u00bb]<u>Precio entrada:<br \/>\n<\/u>Tarifa general 5 \u20ac<br \/>\nTarifa reducida 3 \u20ac<br \/>\nTarifa reducida grupos escolares 2\u20ac<br \/>\nTarifa gratuita 0\u20ac<\/p>\n<p><u>Horarios<\/u>:<br \/>\nEnero \u2013 Cerrado.<br \/>\n01\/02 &#8211; 30\/04: Mi\u00e9rcoles a s\u00e1bado de 11:00 a 16:30. Domingo de 11:00 a 15:00.<br \/>\n01\/05 &#8211; 14\/07:\u00a0 Mi\u00e9rcoles a s\u00e1bado de 11:00 a 17:00. Domingo de 11:00 a 15:00.<br \/>\n15\/07 &#8211; 14\/09: Mi\u00e9rcoles a s\u00e1bado de 11:00 a 18:00. Domingo de 11:00 a 17:00.<br \/>\n15\/09 &#8211; 30\/12: Mi\u00e9rcoles a s\u00e1bado de 11:00 a 16:30. Domingo de 11:00 a 15:00.<u><\/u><\/p>\n<p>Los tickets de entrada se vender\u00e1n hasta 30 minutos antes de la hora del cierre.[\/vc_column_text][vc_empty_space height=\u00bb16px\u00bb][\/vc_column_inner][\/vc_row_inner][\/vc_tta_section][\/vc_tta_tabs][vc_empty_space][\/vc_column][\/vc_row][vc_row][vc_column width=\u00bb1\/4&#8243;][\/vc_column][vc_column width=\u00bb3\/4&#8243;][vc_row_inner][vc_column_inner width=\u00bb2\/3&#8243;][vc_column_text]<\/p>\n<h3><strong>MONASTERIO DE RIPOLL<\/strong><\/h3>\n<p>[\/vc_column_text][vc_empty_space][vc_column_text]<\/p>\n<ul>\n<li><strong>Direcci\u00f3n:<\/strong> Pla\u00e7a Abat Oliba,s\/n \u2013 17500 Ripoll, Girona<\/li>\n<li><strong>Contacto:<\/strong>972 704 203 | <a href=\"mailto:informacio@monestirderipoll.cat\">informacio@monestirderipoll.cat<\/a> |\u00a0 <a href=\"http:\/\/www.monestirderipoll.cat\">www.monestirderipoll.cat<\/a><\/li>\n<\/ul>\n<p>[\/vc_column_text][\/vc_column_inner][vc_column_inner width=\u00bb1\/3&#8243;][vc_single_image image=\u00bb10553&#8243; img_size=\u00bb500 \u00d7 332&#8243;][\/vc_column_inner][\/vc_row_inner][vc_tta_tabs][vc_tta_section title=\u00bbDescripci\u00f3n\u00bb tab_id=\u00bb1573512143780-5e2040c0-b74b4a86-e472&#8243;][vc_row_inner][vc_column_inner][vc_column_text]El monasterio de Santa Maria fundado hacia el 879 por el conde Guifr\u00e9 el Pil\u00f3s, fue una pieza clave en el desvelo del arte rom\u00e1nico. Su restauraci\u00f3n entre 1863 y 1893, marca los l\u00edmites cronol\u00f3gicos de los momentos de plenitud y final del movimiento renacentista catal\u00e1n.[\/vc_column_text][\/vc_column_inner][\/vc_row_inner][\/vc_tta_section][vc_tta_section title=\u00bbInformaci\u00f3n pr\u00e1ctica\u00bb tab_id=\u00bb1573512143945-4ff7d113-d5ba4a86-e472&#8243;][vc_row_inner][vc_column_inner][vc_column_text]<strong>HORARIO<\/strong><\/p>\n<p>Horario de verano (Del 1 de abril al 30 de septiembre)<br \/>\nDe 10.00 a 14.00 h; y de de 16.00 a 19.00 h; Domingos y festivos: de 10 a 14 h<br \/>\n<strong>Del 15 de julio al 31 de agosto:<\/strong> domingos de 10:00 a 14:00 y de 16:00 a 19:00 h.<\/p>\n<p><strong>Horario de invierno <\/strong>(Del 1 de octubre al 30 de marzo)<br \/>\nDe 10.00 a 13.30 h y de\u00a0 15.30 a 18.00 h; Domingos y festivos: de 10 a 14 h<\/p>\n<p><strong>Horario Fiestas de Navidad<\/strong><br \/>\n25 y 26 de diciembre y 1 de enero: CERRADO<br \/>\n24 y 31 de diciembre y 5 de enero:\u00a0\u00a0De 10:00 a 14:00 h<\/p>\n<p>La venta de entradas se efectuar\u00e1 hasta 15 minutos antes del cierre.<br \/>\nVisita guiada cada s\u00e1bado y cada domingo a las 12.00h<br \/>\nLa programaci\u00f3n de las visitas puede variar en funci\u00f3n de las celebraciones.<br \/>\nSe recomienda reserva previa:972 704203<\/p>\n<p><strong>Precios de entrada<br \/>\n<\/strong>Entrada general:\u00a07,50 euros<br \/>\nJubilados: 5,50 euros<br \/>\nJ\u00f3venes (hasta 25 a\u00f1os): 5,50 euros<br \/>\nMenores de 5 a 18 a\u00f1os: 3,50 euros<br \/>\nMenores de 5 a\u00f1os: Gratuito<br \/>\nPersonas en el paro: 5,50 euros<br \/>\nResidentes en Ripoll: Gratuito<br \/>\nAcompa\u00f1antes de residentes en Ripoll: 5,50 euros<br \/>\nFamilia numerosa o monoparental : 5,50 euros<br \/>\nGratuito a los titulares del carn\u00e9 del Club Super3<\/p>\n<p>Otras tarifas para escuelas y grupos <a href=\"http:\/\/www.monestirderipoll.cat\/informacio-i-contacte\/\">aqu\u00ed<\/a>[\/vc_column_text][vc_empty_space height=\u00bb16px\u00bb][\/vc_column_inner][\/vc_row_inner][\/vc_tta_section][\/vc_tta_tabs][vc_empty_space][\/vc_column][\/vc_row][vc_row][vc_column width=\u00bb1\/4&#8243;][\/vc_column][vc_column width=\u00bb3\/4&#8243;][vc_row_inner][vc_column_inner width=\u00bb2\/3&#8243;][vc_column_text]<\/p>\n<h3><strong>MONASTERIO DE SANT JOAN DE LES ABADESSES<\/strong><\/h3>\n<p>[\/vc_column_text][vc_empty_space][vc_column_text]<\/p>\n<ul>\n<li><strong>Direcci\u00f3n:<\/strong> Pl. de l\u2019Abadia, s\/n \u2013 17860 Sant Joan de les Abadesses, Girona<\/li>\n<li><strong>Contacto:<\/strong>972 722 353 | <a href=\"mailto:info@monestirsantjoanabadesses.cat\">info@monestirsantjoanabadesses.cat<\/a> | <a href=\"http:\/\/www.monestirsantjoanabadesses.cat\">www.monestirsantjoanabadesses.cat<\/a><\/li>\n<\/ul>\n<p>[\/vc_column_text][\/vc_column_inner][vc_column_inner width=\u00bb1\/3&#8243;][vc_single_image image=\u00bb13162&#8243; img_size=\u00bb500 \u00d7 332&#8243;][\/vc_column_inner][\/vc_row_inner][vc_tta_tabs][vc_tta_section title=\u00bbDescripci\u00f3n\u00bb tab_id=\u00bb1573512451461-9e762318-d69f4a86-e472&#8243;][vc_row_inner][vc_column_inner][vc_column_text]El monasterio fundado hacia el 885 por el conde Guifr\u00e9 el Pil\u00f3s y destinado a su hija Emma, marc\u00f3 \u00edntimamente la vida del pueblo.<br \/>\nLa importancia de su archivo y el hallazgo del cancionero trovadoresco dan fe de la importante vida cultural del monasterio.[\/vc_column_text][\/vc_column_inner][\/vc_row_inner][\/vc_tta_section][vc_tta_section title=\u00bbInformaci\u00f3n pr\u00e1ctica\u00bb tab_id=\u00bb1573512451660-e62da14f-587f4a86-e472&#8243;][vc_row_inner][vc_column_inner][vc_column_text]<u>Precio entrada:<\/u><\/p>\n<p>Entrada general: 3\u20ac<\/p>\n<p>Entrada reducida (grupos, escolares y jubilados) : 2\u20ac<\/p>\n<p>Entrada gratuita para los menores de 12 a\u00f1os<\/p>\n<p><u>Horarios<\/u>:<\/p>\n<p>Noviembre, diciembre, enero y febrero: Laborables de 10 a 2. S\u00e1bados y festivos de 10 a 2 y de 4 a 6<br \/>\nMarzo, abril y octubre: Laborables, s\u00e1bados y festivos de 10 a 2 y de 4 a 6<br \/>\nMayo, junio y septiembre: Laborables, s\u00e1bados y festivos de 10 a 2 y de 4 a 7<br \/>\nJulio y agosto: Laborables, s\u00e1bados y festivos de 10 a 7<\/p>\n<p>Es necesaria la reserva previa para las visitas de grupo guiadas.[\/vc_column_text][vc_empty_space height=\u00bb16px\u00bb][\/vc_column_inner][\/vc_row_inner][\/vc_tta_section][\/vc_tta_tabs][vc_empty_space][\/vc_column][\/vc_row][vc_row][vc_column width=\u00bb1\/4&#8243;][\/vc_column][vc_column width=\u00bb3\/4&#8243;][vc_row_inner][vc_column_inner width=\u00bb2\/3&#8243;][vc_column_text css=\u00bb\u00bb]<\/p>\n<h3><strong>ABAD\u00cdA DE SANT MART\u00cd DEL CANIG\u00d3<\/strong><\/h3>\n<p>[\/vc_column_text][vc_empty_space][vc_column_text css=\u00bb\u00bb]<\/p>\n<ul>\n<li><strong>Direcci\u00f3n:<\/strong> Abadia de Sant Mart\u00ed del Canig\u00f3 &#8211; 66820 Casteil<\/li>\n<li><strong>Contacto: <\/strong>972 722 353 | <a href=\"mailto:info@stmartinducanigou.org\">info@stmartinducanigou.org<\/a> | <a href=\"https:\/\/stmartinducanigou.org\/\">https:\/\/stmartinducanigou.org\/<\/a><\/li>\n<\/ul>\n<p>[\/vc_column_text][\/vc_column_inner][vc_column_inner width=\u00bb1\/3&#8243;][vc_single_image image=\u00bb23975&#8243; img_size=\u00bb500 \u00d7 332&#8243; css=\u00bb\u00bb][\/vc_column_inner][\/vc_row_inner][vc_tta_tabs][vc_tta_section title=\u00bbDescripci\u00f3n\u00bb tab_id=\u00bb1760350261158-ae759113-ea0e\u00bb][vc_row_inner][vc_column_inner][vc_column_text css=\u00bb\u00bb]Situada en medio del macizo del Canig\u00f3, sobre un nido de \u00e1guila, la antigua abad\u00eda benedictina de Sant Mart\u00ed del Canig\u00f3 domina discretamente el valle del Cad\u00ed desde el siglo XI y le invita a descubrir este paraje \u00fanico. El campanario lombardo, los capiteles de m\u00e1rmol, la iglesia abacial y la cripta rodeada hacen una joya del primer arte rom\u00e1nico regional.<\/p>\n<p>La abad\u00eda de Sant Mart\u00ed del Canig\u00f3 es una visita imprescindible del patrimonio rom\u00e1nico del Conflent que le dar\u00e1 la oportunidad de disfrutar de un entorno excepcional.<\/p>\n<p>Monumento imprescindible y como prueba,\u00a0la abad\u00eda de Sant Mart\u00ed del Canig\u00f3\u00a0, fue seleccionada para representar a Occitania en el programa el monumento favorito de los franceses para el a\u00f1o 2022.[\/vc_column_text][\/vc_column_inner][\/vc_row_inner][\/vc_tta_section][vc_tta_section title=\u00bbInformaci\u00f3n pr\u00e1ctica\u00bb tab_id=\u00bb1760350261248-4cb29b99-4103&#8243;][vc_row_inner][vc_column_inner][vc_column_text css=\u00bb\u00bb]<a href=\"https:\/\/stmartinducanigou.org\/fr\/tarifs-des-visites\">Tarifs &amp; horaires | Abbaye St Martin du Canigou<\/a><\/p>\n<p><a href=\"https:\/\/stmartinducanigou.org\/ca\/accessibilitat\">Accessibilitat | Abbaye St Martin du Canigou<\/a>[\/vc_column_text][vc_empty_space height=\u00bb16px\u00bb][\/vc_column_inner][\/vc_row_inner][\/vc_tta_section][\/vc_tta_tabs][vc_empty_space][\/vc_column][\/vc_row][vc_row][vc_column width=\u00bb1\/4&#8243;][\/vc_column][vc_column width=\u00bb3\/4&#8243;][vc_row_inner][vc_column_inner width=\u00bb2\/3&#8243;][vc_column_text css=\u00bb\u00bb]<\/p>\n<h3><strong>ABAD\u00cdA DE SANT MIQUEL DE CUIX\u00c0<\/strong><\/h3>\n<p>[\/vc_column_text][vc_empty_space][vc_column_text css=\u00bb\u00bb]<\/p>\n<ul>\n<li><strong>Direcci\u00f3n:<\/strong> Route de Taurinya, 66500 Codalet, Fran\u00e7a<\/li>\n<li><strong>Contacto: <\/strong>04 68 96 15 35 | <a href=\"mailto:contact@abbayecuxa.org\">contacte@abbayecuxa.org<\/a> | <a href=\"https:\/\/www.abbayecuxa.org\/\">https:\/\/www.abbayecuxa.org\/<\/a><\/li>\n<\/ul>\n<p>[\/vc_column_text][\/vc_column_inner][vc_column_inner width=\u00bb1\/3&#8243;][vc_single_image image=\u00bb23758&#8243; img_size=\u00bb500 \u00d7 332&#8243; css=\u00bb\u00bb][\/vc_column_inner][\/vc_row_inner][vc_tta_tabs][vc_tta_section title=\u00bbDescripci\u00f3n\u00bb tab_id=\u00bb1760350767934-2629e00b-2ec2&#8243;][vc_row_inner][vc_column_inner][vc_column_text css=\u00bb\u00bb]Desde su fundaci\u00f3n en el siglo IX, la Abad\u00eda de Sant Mique\u00f1 de Cuix\u00e0 contribuy\u00f3 al desarrollo cultural y espiritual de Catalu\u00f1a ofreciendo a los visitantes una patrimonio arquitect\u00f3nico y art\u00edstico excepcional.<br \/>\nDebido a la talla de los hombres que han estado a su frente o que han estado en su compa\u00f1\u00eda, Sant Miquel de Cux\u00e0 dej\u00f3 su huella en la historia de Europa Occidental a principios del a\u00f1o 1000.[\/vc_column_text][\/vc_column_inner][\/vc_row_inner][\/vc_tta_section][vc_tta_section title=\u00bbInformaci\u00f3n pr\u00e1ctica\u00bb tab_id=\u00bb1760350768050-08819c00-9568&#8243;][vc_row_inner][vc_column_inner][vc_column_text css=\u00bb\u00bb]Horarios y precios:<\/p>\n<p><a href=\"https:\/\/www.abbayecuxa.org\/es\/visite\/\">Visita &#8211; Visita la abad\u00eda de Sant Miquel de Cuix\u00e0 en Codalet 66<\/a>[\/vc_column_text][vc_empty_space height=\u00bb16px\u00bb][\/vc_column_inner][\/vc_row_inner][\/vc_tta_section][\/vc_tta_tabs][vc_empty_space][\/vc_column][\/vc_row]<\/p>\n<\/div>","protected":false},"excerpt":{"rendered":"<p>[vc_row][vc_column width=\u00bb1\/4&#8243;][vc_empty_space][vc_wp_custommenu nav_menu=\u00bb77&#8243;][\/vc_column][vc_column width=\u00bb3\/4&#8243;][vc_empty_space][vc_column_text] Los principales recursos de arte rom\u00e1nico que se encuentran a lo largo del sendero delCam\u00ed Oliba son: [\/vc_column_text][vc_empty_space][vc_row_inner][vc_column_inner width=\u00bb2\/3&#8243;][vc_column_text] BAS\u00cdLICA COLEGIATA DE SANTA MARIA DE LA SEU [\/vc_column_text][vc_empty_space][vc_column_text] Direcci\u00f3n: Baixada de la Seu, 1, 08242 Manresa Contacto: 938 72 15 12| www.seudemanresa.cat [\/vc_column_text][\/vc_column_inner][vc_column_inner width=\u00bb1\/3&#8243;][vc_single_image image=\u00bb11132&#8243; img_size=\u00bb500 \u00d7 332&#8243;][\/vc_column_inner][\/vc_row_inner][vc_tta_tabs][vc_tta_section title=\u00bbDescripci\u00f3n\u00bb tab_id=\u00bb1572867300050-ecf084b9-c62e4a67-89154a86-e472&#8243;][vc_row_inner][vc_column_inner][vc_column_text]La Seu&hellip;<\/p>\n","protected":false},"author":2,"featured_media":0,"parent":0,"menu_order":0,"comment_status":"closed","ping_status":"closed","template":"template-full-width.php","meta":{"_acf_changed":false,"footnotes":""},"class_list":["post-15659","page","type-page","status-publish","hentry"],"acf":[],"_links":{"self":[{"href":"https:\/\/www.camioliba.cat\/es\/wp-json\/wp\/v2\/pages\/15659","targetHints":{"allow":["GET"]}}],"collection":[{"href":"https:\/\/www.camioliba.cat\/es\/wp-json\/wp\/v2\/pages"}],"about":[{"href":"https:\/\/www.camioliba.cat\/es\/wp-json\/wp\/v2\/types\/page"}],"author":[{"embeddable":true,"href":"https:\/\/www.camioliba.cat\/es\/wp-json\/wp\/v2\/users\/2"}],"replies":[{"embeddable":true,"href":"https:\/\/www.camioliba.cat\/es\/wp-json\/wp\/v2\/comments?post=15659"}],"version-history":[{"count":15,"href":"https:\/\/www.camioliba.cat\/es\/wp-json\/wp\/v2\/pages\/15659\/revisions"}],"predecessor-version":[{"id":23999,"href":"https:\/\/www.camioliba.cat\/es\/wp-json\/wp\/v2\/pages\/15659\/revisions\/23999"}],"wp:attachment":[{"href":"https:\/\/www.camioliba.cat\/es\/wp-json\/wp\/v2\/media?parent=15659"}],"curies":[{"name":"wp","href":"https:\/\/api.w.org\/{rel}","templated":true}]}}